{"version":"1.0","provider_name":"taje","provider_url":"https:\/\/taje-shengal.com","author_name":"admin1","author_url":"https:\/\/taje-shengal.com\/index.php\/author\/admin1\/","title":"SEMBOLA JINA \u00caZID\u00ce YA KU TESL\u00ceM NEB\u00dbY\u00ce : DAY\u00ca GUL\u00ca - taje","type":"rich","width":600,"height":338,"html":"<blockquote class=\"wp-embedded-content\" data-secret=\"Ldoh0flcui\"><a href=\"https:\/\/taje-shengal.com\/index.php\/2022\/04\/10\/civaka-bi-tenduristi-ferde-bi-tenduristi-digihine\/\">SEMBOLA JINA \u00caZID\u00ce YA KU TESL\u00ceM NEB\u00dbY\u00ce : DAY\u00ca GUL\u00ca<\/a><\/blockquote><iframe sandbox=\"allow-scripts\" security=\"restricted\" src=\"https:\/\/taje-shengal.com\/index.php\/2022\/04\/10\/civaka-bi-tenduristi-ferde-bi-tenduristi-digihine\/embed\/#?secret=Ldoh0flcui\" width=\"600\" height=\"338\" title=\"&#8220;SEMBOLA JINA \u00caZID\u00ce YA KU TESL\u00ceM NEB\u00dbY\u00ce : DAY\u00ca GUL\u00ca&#8221; &#8212; taje\" data-secret=\"Ldoh0flcui\" frameborder=\"0\" marginwidth=\"0\" marginheight=\"0\" scrolling=\"no\" class=\"wp-embedded-content\"><\/iframe><script type=\"text\/javascript\">\n\/* <![CDATA[ *\/\n\/*! This file is auto-generated *\/\n!function(d,l){\"use strict\";l.querySelector&&d.addEventListener&&\"undefined\"!=typeof URL&&(d.wp=d.wp||{},d.wp.receiveEmbedMessage||(d.wp.receiveEmbedMessage=function(e){var t=e.data;if((t||t.secret||t.message||t.value)&&!\/[^a-zA-Z0-9]\/.test(t.secret)){for(var s,r,n,a=l.querySelectorAll('iframe[data-secret=\"'+t.secret+'\"]'),o=l.querySelectorAll('blockquote[data-secret=\"'+t.secret+'\"]'),c=new RegExp(\"^https?:$\",\"i\"),i=0;i<o.length;i++)o[i].style.display=\"none\";for(i=0;i<a.length;i++)s=a[i],e.source===s.contentWindow&&(s.removeAttribute(\"style\"),\"height\"===t.message?(1e3<(r=parseInt(t.value,10))?r=1e3:~~r<200&&(r=200),s.height=r):\"link\"===t.message&&(r=new URL(s.getAttribute(\"src\")),n=new URL(t.value),c.test(n.protocol))&&n.host===r.host&&l.activeElement===s&&(d.top.location.href=t.value))}},d.addEventListener(\"message\",d.wp.receiveEmbedMessage,!1),l.addEventListener(\"DOMContentLoaded\",function(){for(var e,t,s=l.querySelectorAll(\"iframe.wp-embedded-content\"),r=0;r<s.length;r++)(t=(e=s[r]).getAttribute(\"data-secret\"))||(t=Math.random().toString(36).substring(2,12),e.src+=\"#?secret=\"+t,e.setAttribute(\"data-secret\",t)),e.contentWindow.postMessage({message:\"ready\",secret:t},\"*\")},!1)))}(window,document);\n\/\/# sourceURL=https:\/\/taje-shengal.com\/wp-includes\/js\/wp-embed.min.js\n\/* ]]> *\/\n<\/script>\n","thumbnail_url":"https:\/\/taje-shengal.com\/wp-content\/uploads\/2022\/04\/GULE-5-1-scaled.jpg","thumbnail_width":2560,"thumbnail_height":1707,"description":"Ev raportaja li ser berxwedaniya Day\u00ea Gul\u00ea ji aliy\u00ea rojnameger \u015eeh\u00eed N\u00fbjiyan Erhan \u00fb hevala w\u00ea ya xebat\u00ea J\u00eenda Asm\u00een ve hatiye \u00e7\u00eakirin. Ber\u00ea j\u00ee hatiye we\u015fandin. Em j\u00ee li ser b\u00eeran\u00eena \u015eeh\u00eed N\u00fbjiyan Erhan careke din p\u00ea\u015fk\u00ea\u015f\u00ee xwendevan\u00ean xwe y\u00ean h\u00eaja dikin. Bi zor \u00fb zehmetiy\u00ean xwe ve tam s\u00ea sal di ser fermana &hellip;"}