{"version":"1.0","provider_name":"taje","provider_url":"https:\/\/taje-shengal.com","author_name":"admin1","author_url":"https:\/\/taje-shengal.com\/index.php\/author\/admin1\/","title":"TAJ\u00ca bernameya xwe ya 8\u2019\u00ea Adar\u00ea ragihand - taje","type":"rich","width":600,"height":338,"html":"<blockquote class=\"wp-embedded-content\" data-secret=\"vRhIuAt7az\"><a href=\"https:\/\/taje-shengal.com\/index.php\/2026\/02\/28\/taje-bernameya-xwe-ya-8e-adare-ragihand\/\">TAJ\u00ca bernameya xwe ya 8\u2019\u00ea Adar\u00ea ragihand<\/a><\/blockquote><iframe sandbox=\"allow-scripts\" security=\"restricted\" src=\"https:\/\/taje-shengal.com\/index.php\/2026\/02\/28\/taje-bernameya-xwe-ya-8e-adare-ragihand\/embed\/#?secret=vRhIuAt7az\" width=\"600\" height=\"338\" title=\"&#8220;TAJ\u00ca bernameya xwe ya 8\u2019\u00ea Adar\u00ea ragihand&#8221; &#8212; taje\" data-secret=\"vRhIuAt7az\" frameborder=\"0\" marginwidth=\"0\" marginheight=\"0\" scrolling=\"no\" class=\"wp-embedded-content\"><\/iframe><script type=\"text\/javascript\">\n\/* <![CDATA[ *\/\n\/*! This file is auto-generated *\/\n!function(d,l){\"use strict\";l.querySelector&&d.addEventListener&&\"undefined\"!=typeof URL&&(d.wp=d.wp||{},d.wp.receiveEmbedMessage||(d.wp.receiveEmbedMessage=function(e){var t=e.data;if((t||t.secret||t.message||t.value)&&!\/[^a-zA-Z0-9]\/.test(t.secret)){for(var s,r,n,a=l.querySelectorAll('iframe[data-secret=\"'+t.secret+'\"]'),o=l.querySelectorAll('blockquote[data-secret=\"'+t.secret+'\"]'),c=new RegExp(\"^https?:$\",\"i\"),i=0;i<o.length;i++)o[i].style.display=\"none\";for(i=0;i<a.length;i++)s=a[i],e.source===s.contentWindow&&(s.removeAttribute(\"style\"),\"height\"===t.message?(1e3<(r=parseInt(t.value,10))?r=1e3:~~r<200&&(r=200),s.height=r):\"link\"===t.message&&(r=new URL(s.getAttribute(\"src\")),n=new URL(t.value),c.test(n.protocol))&&n.host===r.host&&l.activeElement===s&&(d.top.location.href=t.value))}},d.addEventListener(\"message\",d.wp.receiveEmbedMessage,!1),l.addEventListener(\"DOMContentLoaded\",function(){for(var e,t,s=l.querySelectorAll(\"iframe.wp-embedded-content\"),r=0;r<s.length;r++)(t=(e=s[r]).getAttribute(\"data-secret\"))||(t=Math.random().toString(36).substring(2,12),e.src+=\"#?secret=\"+t,e.setAttribute(\"data-secret\",t)),e.contentWindow.postMessage({message:\"ready\",secret:t},\"*\")},!1)))}(window,document);\n\/\/# sourceURL=https:\/\/taje-shengal.com\/wp-includes\/js\/wp-embed.min.js\n\/* ]]> *\/\n<\/script>\n","thumbnail_url":"https:\/\/taje-shengal.com\/wp-content\/uploads\/2026\/02\/0B1A2273-scaled.jpg","thumbnail_width":2560,"thumbnail_height":1707,"description":"Tevgera Azadiya Jin\u00ean \u00cazid\u00ee bi rasthatina Roja Jin\u00ean Kedkar \u00ean C\u00eehan\u00ea 8\u2019\u00ea Adar\u00ea bi dir\u00fb\u015fma \u2018Em \u00ea Bi Rih\u00ea 8\u2019\u00ea Adar\u00ea Heb\u00fbna Xwe Bipar\u00eazin\u2019 dax\u00fbyaniyek da. Tevgera Azadiya Jin\u00ean \u00cazid\u00ee (TAJ\u00ca) li bax\u00e7ey\u00ea Serok Apo y\u00ea li Geliy\u00ea Kers\u00ea bi dax\u00fbyanieke bernameya 8\u2019\u00ea Adar\u00ea e\u015fkere kir. Dax\u00fbyan\u00ee ji aliy\u00ea Endama Koord\u00eenasyona TAJ\u00ca R\u00eeham Hesen ve &hellip;"}